{"id":2426,"date":"2025-03-19T15:00:59","date_gmt":"2025-03-19T14:00:59","guid":{"rendered":"https:\/\/reflektor.be\/concert\/didier-super-son-groupe-discount\/"},"modified":"2025-12-01T16:28:19","modified_gmt":"2025-12-01T15:28:19","slug":"didier-super-son-groupe-discount","status":"publish","type":"concert","link":"https:\/\/reflektor.be\/nl\/concert\/didier-super-son-groupe-discount\/","title":{"rendered":"Didier Super &#038; son groupe Discount"},"excerpt":{"rendered":"","protected":false},"template":"","meta":{"_acf_changed":false,"_yoast_wpseo_focuskw":"","_yoast_wpseo_title":"","_yoast_wpseo_metadesc":"","_yoast_wpseo_linkdex":"","_yoast_wpseo_content_score":"90","_artiste":"field_63ef72a636df6","_artiste_0_contenu":"field_63ef826036f99","_artiste_0_deezer":"field_63ef82c436fa0","_artiste_0_facebook":"field_63ef829c36f9c","_artiste_0_horaire":"field_63ef72f336df8","_artiste_0_instagram":"field_63ef829136f9b","_artiste_0_nom":"field_63ef72d736df7","_artiste_0_photo":"field_63ef827236f9a","_artiste_0_site_web":"field_63ef82ce36fa1","_artiste_0_spotify":"field_63ef82b636f9f","_artiste_0_tiktok":"field_63ef82a436f9d","_artiste_0_youtube":"field_63ef82ae36f9e","_artiste_1_contenu":"field_63ef826036f99","_artiste_1_deezer":"field_63ef82c436fa0","_artiste_1_facebook":"field_63ef829c36f9c","_artiste_1_horaire":"field_63ef72f336df8","_artiste_1_instagram":"field_63ef829136f9b","_artiste_1_nom":"field_63ef72d736df7","_artiste_1_photo":"field_63ef827236f9a","_artiste_1_site_web":"field_63ef82ce36fa1","_artiste_1_spotify":"field_63ef82b636f9f","_artiste_1_tiktok":"field_63ef82a436f9d","_artiste_1_youtube":"field_63ef82ae36f9e","_artiste_2_contenu":"","_artiste_2_deezer":"","_artiste_2_facebook":"","_artiste_2_horaire":"","_artiste_2_instagram":"","_artiste_2_nom":"","_artiste_2_photo":"","_artiste_2_site_web":"","_artiste_2_spotify":"","_artiste_2_tiktok":"","_artiste_2_youtube":"","_artiste_3_contenu":"","_artiste_3_deezer":"","_artiste_3_facebook":"","_artiste_3_horaire":"","_artiste_3_instagram":"","_artiste_3_nom":"","_artiste_3_photo":"","_artiste_3_site_web":"","_artiste_3_spotify":"","_artiste_3_tiktok":"","_artiste_3_youtube":"","_artiste_4_contenu":"","_artiste_4_deezer":"","_artiste_4_facebook":"","_artiste_4_horaire":"","_artiste_4_instagram":"","_artiste_4_nom":"","_artiste_4_photo":"","_artiste_4_site_web":"","_artiste_4_spotify":"","_artiste_4_tiktok":"","_artiste_4_youtube":"","_artiste_5_contenu":"","_artiste_5_deezer":"","_artiste_5_facebook":"","_artiste_5_horaire":"","_artiste_5_instagram":"","_artiste_5_nom":"","_artiste_5_photo":"","_artiste_5_site_web":"","_artiste_5_spotify":"","_artiste_5_tiktok":"","_artiste_5_youtube":"","_artiste_6_contenu":"","_artiste_6_deezer":"","_artiste_6_facebook":"","_artiste_6_horaire":"","_artiste_6_instagram":"","_artiste_6_nom":"","_artiste_6_photo":"","_artiste_6_site_web":"","_artiste_6_spotify":"","_artiste_6_tiktok":"","_artiste_6_youtube":"","_artiste_7_contenu":"","_artiste_7_deezer":"","_artiste_7_facebook":"","_artiste_7_horaire":"","_artiste_7_instagram":"","_artiste_7_nom":"","_artiste_7_photo":"","_artiste_7_site_web":"","_artiste_7_spotify":"","_artiste_7_tiktok":"","_artiste_7_youtube":"","_artiste_8_contenu":"","_artiste_8_deezer":"","_artiste_8_facebook":"","_artiste_8_horaire":"","_artiste_8_instagram":"","_artiste_8_nom":"","_artiste_8_photo":"","_artiste_8_site_web":"","_artiste_8_spotify":"","_artiste_8_tiktok":"","_artiste_8_youtube":"","_artiste_9_contenu":"","_artiste_9_deezer":"","_artiste_9_facebook":"","_artiste_9_horaire":"","_artiste_9_instagram":"","_artiste_9_nom":"","_artiste_9_photo":"","_artiste_9_site_web":"","_artiste_9_spotify":"","_artiste_9_tiktok":"","_artiste_9_youtube":"","_cmplz_scanned_post":"","_contenu":"","_contenu_concert":"field_63e20df9bd8b3","_date":"field_63e20e15bd8b4","_date_month":"field_63ea05c5bf77f","_dp_original":"","_etat_des_tickets":"field_6405a67b4dc78","_facebook":"","_heure_ouvertures_de_portes":"field_63e20ea6bd8b7","_heure_de_fin":"field_64ddf13dc29b2","_image_a_la_une":"field_63e20af4bd8a3","_image_apercu":"field_6405a5cd37296","_instagram":"","_is_customize":"","_is_excludes":"","_is_locale":"","_linkedin":"","_menu_item_menu_item_parent":"","_menu_item_object":"","_menu_item_object_id":"","_menu_item_target":"","_menu_item_type":"","_menu_item_url":"","_menu_item_xfn":"","_oembed_3dbbf70e1e5b2e3fc299f5285bee8efa":"","_oembed_3f056087c0dfc96f7b119ffbe3095c23":"","_oembed_b7099bb4618d51f4abbf8088974ef28d":"","_oembed_f6e1f8d66d43d82ebaa66585814051d2":"","_oembed_fa9c668b077bb6225c0baabecb919718":"","_pinterest":"","_prix":"field_63e20e90bd8b6","_systeme_dropdown":"","_systeme_dropdown_0_texte":"","_systeme_dropdown_0_titre":"","_systeme_dropdown_1_texte":"","_systeme_dropdown_1_titre":"","_systeme_dropdown_2_texte":"","_systeme_dropdown_2_titre":"","_systeme_dropdown_3_texte":"","_systeme_dropdown_3_titre":"","_systeme_dropdown_4_texte":"","_systeme_dropdown_4_titre":"","_systeme_dropdown_5_texte":"","_systeme_dropdown_5_titre":"","_systeme_dropdown_6_texte":"","_systeme_dropdown_6_titre":"","_twitter":"","_url_du_ticket":"field_63e20e81bd8b5","_ticket_2":"field_64f5cef6c7d42","_wp_attachment_context":"","_wp_attachment_image_alt":"","_wp_desired_post_slug":"","_wp_old_date":"","_wp_page_template":"","_wp_trash_meta_status":"","_wp_trash_meta_time":"","_yoast_wpseo_estimated-reading-time-minutes":"0","_yoast_wpseo_primary_category":"6","_yoast_wpseo_wordproof_timestamp":"","_youtube":"","artiste":"2","artiste_0_contenu":"In 2012 trok Didier de stekker uit zijn elektrische gitaar om zich te richten op meer \"intellectuele\" voorstellingen, in de hoop eindelijk door een bepaalde groep champagne-socialisten\u2014ook wel bekend als het \"France Inter\"-publiek\u2014als een geloofwaardige artiest te worden gezien.\r\n\r\nOmdat deze zet gemengde resultaten opleverde, besloot hij, op advies van zijn moeder, weer een rockband op te richten. Dit is intellectueel minder vermoeiend voor hem en daardoor beter toegankelijk voor de armen, die uiteindelijk het grootste deel van het publiek in ons land uitmaken.\r\n\r\nDISCOUNT is Didier Super met muzikanten, plus drie zangeressen. Niet omdat hij het belangrijk vindt om gendergelijkheid in de hedendaagse muziek te bevorderen, maar zoals hij het zelf zo mooi zegt: \"De beste manier om geen gezeik te krijgen van feministen, is om hun baas te zijn.\"\r\n\r\n[embed]https:\/\/youtu.be\/nP8xdZmEQdE?si=EnKST1O8v5o_usA_[\/embed]","artiste_0_deezer":"","artiste_0_facebook":"https:\/\/www.facebook.com\/didiersuper","artiste_0_horaire":"21:00:00","artiste_0_instagram":"https:\/\/www.instagram.com\/didiergrandevedette\/","artiste_0_nom":"Didier Super & son groupe Discount","artiste_0_photo":"","artiste_0_site_web":"","artiste_0_spotify":"https:\/\/open.spotify.com\/intl-fr\/artist\/50IylcM1VOHNXVHMMMWhJA","artiste_0_tiktok":"","artiste_0_youtube":"https:\/\/www.youtube.com\/user\/didierlevrai","artiste_1_contenu":"\u00e9dric Gervy a d\u00e9velopp\u00e9 une attitude de sc\u00e8ne, entre th\u00e9\u00e2tre et personnage rock d\u00e9jant\u00e9, qui lui conf\u00e8re un statut \u201c\u00e0 part\u201d dans la chanson francophone.\r\nSon univers contient autant de morceaux humoristiques que de morceaux plus s\u00e9rieux. Certains sont \u00e0 la fronti\u00e8re de ces deux p\u00f4les. Cet artiste a la particularit\u00e9 de manier admirablement les jeux de mots dans la plupart de ses chansons, quel qu'en soit le th\u00e8me.\r\n\r\nIl a partag\u00e9 la sc\u00e8ne avec beaucoup d'artistes ou groupes connus ou reconnus et se pr\u00e9sente par ailleurs en vedette dans des lieux plus intimes. Tout en continuant \u00e0 se pr\u00e9senter en solo, C\u00e9dric se lance en 2007 dans une formule en groupe : \"Cedric (et les) Gervy\". En d\u00e9cembre 2009, le groupe se disloque. C\u00e9dric continue \u00e0 se pr\u00e9senter sur sc\u00e8ne en solo, en partageant souvent l'affiche avec des \u00ab pointures \u00bb (Arno, Sttellla, Didier Super, ...).\r\n\r\nUn nouveau CD solo, \"Bonne ann\u00e9e quand m\u00eame\", est sorti en mars 2010.\r\nEn 2012, il est le \u00ab Belge \u00bb des \u00ab Trois Francos \u00bb (Montr\u00e9al, Spa, La Rochelle) en compagnie de la Fran\u00e7aise Giedr\u00e9 et de la Canadienne Lisa Leblanc. Il tourne sans rel\u00e2che en 2012 et 2013 et... Le nouvel album \u00ab J\u2019aimerais Trop \u00bb est sorti fin 2013... Il joue beaucoup, notamment en compagnie des Les Fatals Picards, Skarbone 14, Giedr\u00e9, Ren\u00e9 Binam\u00e9, et beaucoup d\u2019autres.\r\n\r\nEn septembre 2015, il est parall\u00e8lement engag\u00e9 pour \u00eatre r\u00e9guli\u00e8rement \u00ab chroniqueur \u00bb pour l\u2019\u00e9mission \u00ab C\u2019est Presque S\u00e9rieux \u00bb sur La Premi\u00e8re. En fait de \u00ab chronique \u00bb, C\u00e9dric \u00e9crit en fait une chanson \u00e0 chaque passage, sur l\u2019actualit\u00e9 du moment. Ces chansons se retrouvent sur un CD \u00ab Merci pour ce Moment \u00bb sorti en \u00e9t\u00e9 2016... o\u00f9 il est \u00ab reconduit \u00bb pour une nouvelle saison de l\u2019\u00e9mission !\r\n\r\nEn 2017 est sorti le cd \u00ab le Conte est Bon \u00bb, avec de nouvelles compositions.\r\nEn 2018, C\u00e9dric est all\u00e9 notamment se produire en Slov\u00e9nie dans le cadre de la Semaine de la Communaut\u00e9 Fran\u00e7aise. Parall\u00e8lement \u00e0 toujours beaucoup de concerts \u00ab normaux \u00bb et de \u00ab happenings \u00bb dans des lieux parfois improbables et \u00ab engag\u00e9s \u00bb (aide aux migrants, centres pour handicap\u00e9s etc)\r\n\r\nLe nouveau CD est sorti en 2019, de plus en plus \u00ab \u00e9pais \u00bb dans son engagement, sans n\u00e9gliger l\u2019ironie grin\u00e7ante et le caustique (surtout pas cynique) regard sur l\u2019actu, le monde, lui et nous \ud83d\ude0a\r\n\r\nBon, forc\u00e9ment l\u2019ann\u00e9e 2020 et 2021 ayant \u00e9t\u00e9 fortement bouscul\u00e9es au niveau artistique, peu de nouveaux concerts \u00e0 l\u2019horizon (les rares concerts ayant pu se faire \u00e9taient beaucoup plus intimistes, magnifiques), mais C\u00e9dric en a profit\u00e9 pour... \u00e9crire et \u00e9diter son premier livre ! Un roman de fiction qui a pour titre \u00ab Duplicata \u00bb !\r\n\r\n2022 a \u00e9t\u00e9, comme pour beaucoup de gens du monde artistique, l\u2019ann\u00e9e de \u00ab la vengeance \u00bb sur toute cette sale p\u00e9riode, de beaux concerts, parfois tr\u00e8s d\u00e9cal\u00e9s ou en tous cas \u00ab sp\u00e9ciaux \u00bb (sieste musicale, concert sans t\u00e9l\u00e9phone etc), de belles prestations \u00e0 Lasemo, Fiesta City, lors de concerts en France o\u00f9 sa \u00ab belgitude \u00bb a \u00e9t\u00e9 appr\u00e9ci\u00e9e...\r\n\r\n2024 : tout en continuant \u00e0 se produire en solo partout o\u00f9 on veut de lui, le projet C\u00e9dric (et les) Gervy rena\u00eet de ses cendres (Lasemo, F\u00eate de la Musique).\r\nUn nouveau disque (en solo) se pr\u00e9pare pour 2025...","artiste_1_deezer":"","artiste_1_facebook":"","artiste_1_horaire":"20:00:00","artiste_1_instagram":"","artiste_1_nom":"Cedric Gervy","artiste_1_photo":"","artiste_1_site_web":"","artiste_1_spotify":"","artiste_1_tiktok":"","artiste_1_youtube":"","artiste_2_contenu":"","artiste_2_deezer":"","artiste_2_facebook":"","artiste_2_horaire":"","artiste_2_instagram":"","artiste_2_nom":"","artiste_2_photo":"","artiste_2_site_web":"","artiste_2_spotify":"","artiste_2_tiktok":"","artiste_2_youtube":"","artiste_3_contenu":"","artiste_3_deezer":"","artiste_3_facebook":"","artiste_3_horaire":"","artiste_3_instagram":"","artiste_3_nom":"","artiste_3_photo":"","artiste_3_site_web":"","artiste_3_spotify":"","artiste_3_tiktok":"","artiste_3_youtube":"","artiste_4_contenu":"","artiste_4_deezer":"","artiste_4_facebook":"","artiste_4_horaire":"","artiste_4_instagram":"","artiste_4_nom":"","artiste_4_photo":"","artiste_4_site_web":"","artiste_4_spotify":"","artiste_4_tiktok":"","artiste_4_youtube":"","artiste_5_contenu":"","artiste_5_deezer":"","artiste_5_facebook":"","artiste_5_horaire":"","artiste_5_instagram":"","artiste_5_nom":"","artiste_5_photo":"","artiste_5_site_web":"","artiste_5_spotify":"","artiste_5_tiktok":"","artiste_5_youtube":"","artiste_6_contenu":"","artiste_6_deezer":"","artiste_6_facebook":"","artiste_6_horaire":"","artiste_6_instagram":"","artiste_6_nom":"","artiste_6_photo":"","artiste_6_site_web":"","artiste_6_spotify":"","artiste_6_tiktok":"","artiste_6_youtube":"","artiste_7_contenu":"","artiste_7_deezer":"","artiste_7_facebook":"","artiste_7_horaire":"","artiste_7_instagram":"","artiste_7_nom":"","artiste_7_photo":"","artiste_7_site_web":"","artiste_7_spotify":"","artiste_7_tiktok":"","artiste_7_youtube":"","artiste_8_contenu":"","artiste_8_deezer":"","artiste_8_facebook":"","artiste_8_horaire":"","artiste_8_instagram":"","artiste_8_nom":"","artiste_8_photo":"","artiste_8_site_web":"","artiste_8_spotify":"","artiste_8_tiktok":"","artiste_8_youtube":"","artiste_9_contenu":"","artiste_9_deezer":"","artiste_9_facebook":"","artiste_9_horaire":"","artiste_9_instagram":"","artiste_9_nom":"","artiste_9_photo":"","artiste_9_site_web":"","artiste_9_spotify":"","artiste_9_tiktok":"","artiste_9_youtube":"","cmplz_hide_cookiebanner":"","contenu":"","contenu_concert":"TICKETS EN VENTE LE 21 MARS \u00e0 11 HEURES.","date":"20251205","date_month":"decembre","etat_des_tickets":"sold_out","facebook":"","from_header":"","heure_ouvertures_de_portes":"19:00:00","heure_de_fin":"","image_a_la_une":"2430","image_apercu":"2424","instagram":"","linkedin":"","original_message":"","original_subject":"","pinterest":"","prix":"","session_transcript":"","solution":"","sps_website":"","success":"","systeme_dropdown":"","systeme_dropdown_0_texte":"","systeme_dropdown_0_titre":"","systeme_dropdown_1_texte":"","systeme_dropdown_1_titre":"","systeme_dropdown_2_texte":"","systeme_dropdown_2_titre":"","systeme_dropdown_3_texte":"","systeme_dropdown_3_titre":"","systeme_dropdown_4_texte":"","systeme_dropdown_4_titre":"","systeme_dropdown_5_texte":"","systeme_dropdown_5_titre":"","systeme_dropdown_6_texte":"","systeme_dropdown_6_titre":"","to_header":"","transport_uri":"","twitter":"","url_du_ticket":"https:\/\/shop.paylogic.com\/1f7200caf0554b6fbed2785ee7f493f1\/","ticket_2":"","youtube":"","lien_ticket_wait":"","_lien_ticket_wait":"field_64f6dcb76d836"},"categories":[6],"tags":[],"class_list":["post-2426","concert","type-concert","status-publish","hentry","category-reflektor"],"acf":{"image_apercu":"2424","image_a_la_une":"2430","date":"20251205","date_month":"decembre","url_du_ticket":"https:\/\/shop.paylogic.com\/1f7200caf0554b6fbed2785ee7f493f1\/","ticket_2":"","etat_des_tickets":"sold_out","prix":"","heure_ouvertures_de_portes":"19:00:00","heure_de_fin":"","contenu_concert":"TICKETS EN VENTE LE 21 MARS \u00e0 11 HEURES.","artiste":[{"nom":"Didier Super & son groupe Discount","horaire":"21:00:00","contenu":"In 2012 trok Didier de stekker uit zijn elektrische gitaar om zich te richten op meer \"intellectuele\" voorstellingen, in de hoop eindelijk door een bepaalde groep champagne-socialisten\u2014ook wel bekend als het \"France Inter\"-publiek\u2014als een geloofwaardige artiest te worden gezien.\r\n\r\nOmdat deze zet gemengde resultaten opleverde, besloot hij, op advies van zijn moeder, weer een rockband op te richten. Dit is intellectueel minder vermoeiend voor hem en daardoor beter toegankelijk voor de armen, die uiteindelijk het grootste deel van het publiek in ons land uitmaken.\r\n\r\nDISCOUNT is Didier Super met muzikanten, plus drie zangeressen. Niet omdat hij het belangrijk vindt om gendergelijkheid in de hedendaagse muziek te bevorderen, maar zoals hij het zelf zo mooi zegt: \"De beste manier om geen gezeik te krijgen van feministen, is om hun baas te zijn.\"\r\n\r\n[embed]https:\/\/youtu.be\/nP8xdZmEQdE?si=EnKST1O8v5o_usA_[\/embed]","photo":"","instagram":"https:\/\/www.instagram.com\/didiergrandevedette\/","facebook":"https:\/\/www.facebook.com\/didiersuper","tiktok":"","youtube":"https:\/\/www.youtube.com\/user\/didierlevrai","spotify":"https:\/\/open.spotify.com\/intl-fr\/artist\/50IylcM1VOHNXVHMMMWhJA","deezer":"","site_web":""},{"nom":"Cedric Gervy","horaire":"20:00:00","contenu":"\u00e9dric Gervy a d\u00e9velopp\u00e9 une attitude de sc\u00e8ne, entre th\u00e9\u00e2tre et personnage rock d\u00e9jant\u00e9, qui lui conf\u00e8re un statut \u201c\u00e0 part\u201d dans la chanson francophone.\r\nSon univers contient autant de morceaux humoristiques que de morceaux plus s\u00e9rieux. Certains sont \u00e0 la fronti\u00e8re de ces deux p\u00f4les. Cet artiste a la particularit\u00e9 de manier admirablement les jeux de mots dans la plupart de ses chansons, quel qu'en soit le th\u00e8me.\r\n\r\nIl a partag\u00e9 la sc\u00e8ne avec beaucoup d'artistes ou groupes connus ou reconnus et se pr\u00e9sente par ailleurs en vedette dans des lieux plus intimes. Tout en continuant \u00e0 se pr\u00e9senter en solo, C\u00e9dric se lance en 2007 dans une formule en groupe : \"Cedric (et les) Gervy\". En d\u00e9cembre 2009, le groupe se disloque. C\u00e9dric continue \u00e0 se pr\u00e9senter sur sc\u00e8ne en solo, en partageant souvent l'affiche avec des \u00ab pointures \u00bb (Arno, Sttellla, Didier Super, ...).\r\n\r\nUn nouveau CD solo, \"Bonne ann\u00e9e quand m\u00eame\", est sorti en mars 2010.\r\nEn 2012, il est le \u00ab Belge \u00bb des \u00ab Trois Francos \u00bb (Montr\u00e9al, Spa, La Rochelle) en compagnie de la Fran\u00e7aise Giedr\u00e9 et de la Canadienne Lisa Leblanc. Il tourne sans rel\u00e2che en 2012 et 2013 et... Le nouvel album \u00ab J\u2019aimerais Trop \u00bb est sorti fin 2013... Il joue beaucoup, notamment en compagnie des Les Fatals Picards, Skarbone 14, Giedr\u00e9, Ren\u00e9 Binam\u00e9, et beaucoup d\u2019autres.\r\n\r\nEn septembre 2015, il est parall\u00e8lement engag\u00e9 pour \u00eatre r\u00e9guli\u00e8rement \u00ab chroniqueur \u00bb pour l\u2019\u00e9mission \u00ab C\u2019est Presque S\u00e9rieux \u00bb sur La Premi\u00e8re. En fait de \u00ab chronique \u00bb, C\u00e9dric \u00e9crit en fait une chanson \u00e0 chaque passage, sur l\u2019actualit\u00e9 du moment. Ces chansons se retrouvent sur un CD \u00ab Merci pour ce Moment \u00bb sorti en \u00e9t\u00e9 2016... o\u00f9 il est \u00ab reconduit \u00bb pour une nouvelle saison de l\u2019\u00e9mission !\r\n\r\nEn 2017 est sorti le cd \u00ab le Conte est Bon \u00bb, avec de nouvelles compositions.\r\nEn 2018, C\u00e9dric est all\u00e9 notamment se produire en Slov\u00e9nie dans le cadre de la Semaine de la Communaut\u00e9 Fran\u00e7aise. Parall\u00e8lement \u00e0 toujours beaucoup de concerts \u00ab normaux \u00bb et de \u00ab happenings \u00bb dans des lieux parfois improbables et \u00ab engag\u00e9s \u00bb (aide aux migrants, centres pour handicap\u00e9s etc)\r\n\r\nLe nouveau CD est sorti en 2019, de plus en plus \u00ab \u00e9pais \u00bb dans son engagement, sans n\u00e9gliger l\u2019ironie grin\u00e7ante et le caustique (surtout pas cynique) regard sur l\u2019actu, le monde, lui et nous \ud83d\ude0a\r\n\r\nBon, forc\u00e9ment l\u2019ann\u00e9e 2020 et 2021 ayant \u00e9t\u00e9 fortement bouscul\u00e9es au niveau artistique, peu de nouveaux concerts \u00e0 l\u2019horizon (les rares concerts ayant pu se faire \u00e9taient beaucoup plus intimistes, magnifiques), mais C\u00e9dric en a profit\u00e9 pour... \u00e9crire et \u00e9diter son premier livre ! Un roman de fiction qui a pour titre \u00ab Duplicata \u00bb !\r\n\r\n2022 a \u00e9t\u00e9, comme pour beaucoup de gens du monde artistique, l\u2019ann\u00e9e de \u00ab la vengeance \u00bb sur toute cette sale p\u00e9riode, de beaux concerts, parfois tr\u00e8s d\u00e9cal\u00e9s ou en tous cas \u00ab sp\u00e9ciaux \u00bb (sieste musicale, concert sans t\u00e9l\u00e9phone etc), de belles prestations \u00e0 Lasemo, Fiesta City, lors de concerts en France o\u00f9 sa \u00ab belgitude \u00bb a \u00e9t\u00e9 appr\u00e9ci\u00e9e...\r\n\r\n2024 : tout en continuant \u00e0 se produire en solo partout o\u00f9 on veut de lui, le projet C\u00e9dric (et les) Gervy rena\u00eet de ses cendres (Lasemo, F\u00eate de la Musique).\r\nUn nouveau disque (en solo) se pr\u00e9pare pour 2025...","photo":"","instagram":"","facebook":"","tiktok":"","youtube":"","spotify":"","deezer":"","site_web":""}],"lien_ticket_wait":""},"yoast_head":"<!-- This site is optimized with the Yoast SEO plugin v27.5 - https:\/\/yoast.com\/product\/yoast-seo-wordpress\/ -->\n<title>Didier Super &amp; son groupe Discount - Reflektor Club - Li\u00e8ge<\/title>\n<meta name=\"robots\" content=\"index, follow, max-snippet:-1, max-image-preview:large, max-video-preview:-1\" \/>\n<link rel=\"canonical\" href=\"https:\/\/reflektor.be\/concert\/didier-super-son-groupe-discount\/\" \/>\n<meta property=\"og:locale\" content=\"nl_NL\" \/>\n<meta property=\"og:type\" content=\"article\" \/>\n<meta property=\"og:title\" content=\"[:fr]Didier Super &amp; son groupe Discount + Cedric Gervy[:nl]Didier Super &amp; son groupe Discount[:en]Didier Super &amp; son groupe Discount[:] - Reflektor Club - Li\u00e8ge\" \/>\n<meta property=\"og:url\" content=\"https:\/\/reflektor.be\/concert\/didier-super-son-groupe-discount\/\" \/>\n<meta property=\"og:site_name\" content=\"Reflektor Club - Li\u00e8ge\" \/>\n<meta property=\"article:publisher\" content=\"https:\/\/www.facebook.com\/reflektorclub\" \/>\n<meta property=\"article:modified_time\" content=\"2025-12-01T15:28:19+00:00\" \/>\n<meta name=\"twitter:card\" content=\"summary_large_image\" \/>\n<meta name=\"twitter:site\" content=\"@lesardentes\" \/>\n<!-- \/ Yoast SEO plugin. -->","yoast_head_json":{"title":"[:fr]Didier Super & son groupe Discount + Cedric Gervy[:nl]Didier Super & son groupe Discount[:en]Didier Super & son groupe Discount[:] - Reflektor Club - Li\u00e8ge","robots":{"index":"index","follow":"follow","max-snippet":"max-snippet:-1","max-image-preview":"max-image-preview:large","max-video-preview":"max-video-preview:-1"},"canonical":"https:\/\/reflektor.be\/concert\/didier-super-son-groupe-discount\/","og_locale":"nl_NL","og_type":"article","og_title":"[:fr]Didier Super & son groupe Discount + Cedric Gervy[:nl]Didier Super & son groupe Discount[:en]Didier Super & son groupe Discount[:] - Reflektor Club - Li\u00e8ge","og_url":"https:\/\/reflektor.be\/concert\/didier-super-son-groupe-discount\/","og_site_name":"Reflektor Club - Li\u00e8ge","article_publisher":"https:\/\/www.facebook.com\/reflektorclub","article_modified_time":"2025-12-01T15:28:19+00:00","twitter_card":"summary_large_image","twitter_site":"@lesardentes","schema":{"@context":"https:\/\/schema.org","@graph":[{"@type":"WebPage","@id":"https:\/\/reflektor.be\/concert\/didier-super-son-groupe-discount\/","url":"https:\/\/reflektor.be\/concert\/didier-super-son-groupe-discount\/","name":"[:fr]Didier Super & son groupe Discount + Cedric Gervy[:nl]Didier Super & son groupe Discount[:en]Didier Super & son groupe Discount[:] - Reflektor Club - Li\u00e8ge","isPartOf":{"@id":"https:\/\/reflektor.be\/#website"},"datePublished":"2025-03-19T14:00:59+00:00","dateModified":"2025-12-01T15:28:19+00:00","breadcrumb":{"@id":"https:\/\/reflektor.be\/concert\/didier-super-son-groupe-discount\/#breadcrumb"},"inLanguage":"nl-NL","potentialAction":[{"@type":"ReadAction","target":["https:\/\/reflektor.be\/concert\/didier-super-son-groupe-discount\/"]}]},{"@type":"BreadcrumbList","@id":"https:\/\/reflektor.be\/concert\/didier-super-son-groupe-discount\/#breadcrumb","itemListElement":[{"@type":"ListItem","position":1,"name":"Accueil","item":"https:\/\/reflektor.be\/"},{"@type":"ListItem","position":2,"name":"Concerts","item":"https:\/\/reflektor.be\/agenda\/"},{"@type":"ListItem","position":3,"name":"Didier Super &#038; son groupe Discount + Cedric Gervy"}]},{"@type":"WebSite","@id":"https:\/\/reflektor.be\/#website","url":"https:\/\/reflektor.be\/","name":"Reflektor Club - Li\u00e8ge","description":"Concerts - Live events","publisher":{"@id":"https:\/\/reflektor.be\/#organization"},"potentialAction":[{"@type":"SearchAction","target":{"@type":"EntryPoint","urlTemplate":"https:\/\/reflektor.be\/?s={search_term_string}"},"query-input":{"@type":"PropertyValueSpecification","valueRequired":true,"valueName":"search_term_string"}}],"inLanguage":"nl-NL"},{"@type":"Organization","@id":"https:\/\/reflektor.be\/#organization","name":"Reflektor Club - Li\u00e8ge","url":"https:\/\/reflektor.be\/","logo":{"@type":"ImageObject","inLanguage":"nl-NL","@id":"https:\/\/reflektor.be\/#\/schema\/logo\/image\/","url":"https:\/\/reflektor.be\/wp-content\/uploads\/2023\/04\/b7f17970-e865-4e42-91db-a71250c124d1.png","contentUrl":"https:\/\/reflektor.be\/wp-content\/uploads\/2023\/04\/b7f17970-e865-4e42-91db-a71250c124d1.png","width":1421,"height":746,"caption":"Reflektor Club - Li\u00e8ge"},"image":{"@id":"https:\/\/reflektor.be\/#\/schema\/logo\/image\/"},"sameAs":["https:\/\/www.facebook.com\/reflektorclub","https:\/\/x.com\/lesardentes","http:\/\/instagram.com\/reflektorclub"]}]}},"_links":{"self":[{"href":"https:\/\/reflektor.be\/nl\/wp-json\/wp\/v2\/concert\/2426","targetHints":{"allow":["GET"]}}],"collection":[{"href":"https:\/\/reflektor.be\/nl\/wp-json\/wp\/v2\/concert"}],"about":[{"href":"https:\/\/reflektor.be\/nl\/wp-json\/wp\/v2\/types\/concert"}],"wp:attachment":[{"href":"https:\/\/reflektor.be\/nl\/wp-json\/wp\/v2\/media?parent=2426"}],"wp:term":[{"taxonomy":"category","embeddable":true,"href":"https:\/\/reflektor.be\/nl\/wp-json\/wp\/v2\/categories?post=2426"},{"taxonomy":"post_tag","embeddable":true,"href":"https:\/\/reflektor.be\/nl\/wp-json\/wp\/v2\/tags?post=2426"}],"curies":[{"name":"wp","href":"https:\/\/api.w.org\/{rel}","templated":true}]}}