{"id":2060,"date":"2024-09-16T10:55:40","date_gmt":"2024-09-16T08:55:40","guid":{"rendered":"https:\/\/reflektor.be\/concert\/lisa-gerrard\/"},"modified":"2025-01-29T13:35:54","modified_gmt":"2025-01-29T12:35:54","slug":"lisa-gerrard","status":"publish","type":"concert","link":"https:\/\/reflektor.be\/nl\/concert\/lisa-gerrard\/","title":{"rendered":"LISA GERRARD &#038; JULES MAXWELL : BURN"},"excerpt":{"rendered":"","protected":false},"template":"","meta":{"_acf_changed":false,"_yoast_wpseo_focuskw":"","_yoast_wpseo_title":"","_yoast_wpseo_metadesc":"","_yoast_wpseo_linkdex":"","_yoast_wpseo_content_score":"","_artiste":"field_63ef72a636df6","_artiste_0_contenu":"field_63ef826036f99","_artiste_0_deezer":"field_63ef82c436fa0","_artiste_0_facebook":"field_63ef829c36f9c","_artiste_0_horaire":"field_63ef72f336df8","_artiste_0_instagram":"field_63ef829136f9b","_artiste_0_nom":"field_63ef72d736df7","_artiste_0_photo":"field_63ef827236f9a","_artiste_0_site_web":"field_63ef82ce36fa1","_artiste_0_spotify":"field_63ef82b636f9f","_artiste_0_tiktok":"field_63ef82a436f9d","_artiste_0_youtube":"field_63ef82ae36f9e","_artiste_1_contenu":"","_artiste_1_deezer":"","_artiste_1_facebook":"","_artiste_1_horaire":"","_artiste_1_instagram":"","_artiste_1_nom":"","_artiste_1_photo":"","_artiste_1_site_web":"","_artiste_1_spotify":"","_artiste_1_tiktok":"","_artiste_1_youtube":"","_artiste_2_contenu":"","_artiste_2_deezer":"","_artiste_2_facebook":"","_artiste_2_horaire":"","_artiste_2_instagram":"","_artiste_2_nom":"","_artiste_2_photo":"","_artiste_2_site_web":"","_artiste_2_spotify":"","_artiste_2_tiktok":"","_artiste_2_youtube":"","_artiste_3_contenu":"","_artiste_3_deezer":"","_artiste_3_facebook":"","_artiste_3_horaire":"","_artiste_3_instagram":"","_artiste_3_nom":"","_artiste_3_photo":"","_artiste_3_site_web":"","_artiste_3_spotify":"","_artiste_3_tiktok":"","_artiste_3_youtube":"","_artiste_4_contenu":"","_artiste_4_deezer":"","_artiste_4_facebook":"","_artiste_4_horaire":"","_artiste_4_instagram":"","_artiste_4_nom":"","_artiste_4_photo":"","_artiste_4_site_web":"","_artiste_4_spotify":"","_artiste_4_tiktok":"","_artiste_4_youtube":"","_artiste_5_contenu":"","_artiste_5_deezer":"","_artiste_5_facebook":"","_artiste_5_horaire":"","_artiste_5_instagram":"","_artiste_5_nom":"","_artiste_5_photo":"","_artiste_5_site_web":"","_artiste_5_spotify":"","_artiste_5_tiktok":"","_artiste_5_youtube":"","_artiste_6_contenu":"","_artiste_6_deezer":"","_artiste_6_facebook":"","_artiste_6_horaire":"","_artiste_6_instagram":"","_artiste_6_nom":"","_artiste_6_photo":"","_artiste_6_site_web":"","_artiste_6_spotify":"","_artiste_6_tiktok":"","_artiste_6_youtube":"","_artiste_7_contenu":"","_artiste_7_deezer":"","_artiste_7_facebook":"","_artiste_7_horaire":"","_artiste_7_instagram":"","_artiste_7_nom":"","_artiste_7_photo":"","_artiste_7_site_web":"","_artiste_7_spotify":"","_artiste_7_tiktok":"","_artiste_7_youtube":"","_artiste_8_contenu":"","_artiste_8_deezer":"","_artiste_8_facebook":"","_artiste_8_horaire":"","_artiste_8_instagram":"","_artiste_8_nom":"","_artiste_8_photo":"","_artiste_8_site_web":"","_artiste_8_spotify":"","_artiste_8_tiktok":"","_artiste_8_youtube":"","_artiste_9_contenu":"","_artiste_9_deezer":"","_artiste_9_facebook":"","_artiste_9_horaire":"","_artiste_9_instagram":"","_artiste_9_nom":"","_artiste_9_photo":"","_artiste_9_site_web":"","_artiste_9_spotify":"","_artiste_9_tiktok":"","_artiste_9_youtube":"","_cmplz_scanned_post":"1","_contenu":"","_contenu_concert":"field_63e20df9bd8b3","_date":"field_63e20e15bd8b4","_date_month":"field_63ea05c5bf77f","_dp_original":"","_etat_des_tickets":"field_6405a67b4dc78","_facebook":"","_heure_ouvertures_de_portes":"field_63e20ea6bd8b7","_heure_de_fin":"field_64ddf13dc29b2","_image_a_la_une":"field_63e20af4bd8a3","_image_apercu":"field_6405a5cd37296","_instagram":"","_is_customize":"","_is_excludes":"","_is_locale":"","_linkedin":"","_menu_item_menu_item_parent":"","_menu_item_object":"","_menu_item_object_id":"","_menu_item_target":"","_menu_item_type":"","_menu_item_url":"","_menu_item_xfn":"","_oembed_3dbbf70e1e5b2e3fc299f5285bee8efa":"","_oembed_3f056087c0dfc96f7b119ffbe3095c23":"","_oembed_b7099bb4618d51f4abbf8088974ef28d":"","_oembed_f6e1f8d66d43d82ebaa66585814051d2":"","_oembed_fa9c668b077bb6225c0baabecb919718":"","_pinterest":"","_prix":"field_63e20e90bd8b6","_systeme_dropdown":"","_systeme_dropdown_0_texte":"","_systeme_dropdown_0_titre":"","_systeme_dropdown_1_texte":"","_systeme_dropdown_1_titre":"","_systeme_dropdown_2_texte":"","_systeme_dropdown_2_titre":"","_systeme_dropdown_3_texte":"","_systeme_dropdown_3_titre":"","_systeme_dropdown_4_texte":"","_systeme_dropdown_4_titre":"","_systeme_dropdown_5_texte":"","_systeme_dropdown_5_titre":"","_systeme_dropdown_6_texte":"","_systeme_dropdown_6_titre":"","_twitter":"","_url_du_ticket":"field_63e20e81bd8b5","_ticket_2":"field_64f5cef6c7d42","_wp_attachment_context":"","_wp_attachment_image_alt":"","_wp_desired_post_slug":"","_wp_old_date":"","_wp_page_template":"","_wp_trash_meta_status":"","_wp_trash_meta_time":"","_yoast_wpseo_estimated-reading-time-minutes":"0","_yoast_wpseo_primary_category":"34","_yoast_wpseo_wordproof_timestamp":"","_youtube":"","artiste":"1","artiste_0_contenu":"L'album BURN a \u00e9t\u00e9 cr\u00e9\u00e9 pendant 5 ans avec le producteur anglais James Chapman (MAPS) et sorti en 2021.\r\n\r\nCette s\u00e9rie de concerts offre une rare occasion d'entendre l'album BURN en direct.\r\nAuparavant, Gerrard et Maxwell n'ont jou\u00e9 le spectacle qu'\u00e0 8 reprises ; une tourn\u00e9e de sept dates au Portugal en 2022 et une repr\u00e9sentation \u00e0 guichets ferm\u00e9s \u00e0 \u0141\u00f3d\u017a, en Pologne, en juillet 2023.\r\n\r\nUn album live intitul\u00e9 \u00ab ONE NIGHT IN PORTO \u00bb, enregistr\u00e9 lors d'une des repr\u00e9sentations portugaises, est sorti sur Atlantic Curve en juin 2023.\r\n\r\nLe spectacle BURN est une exp\u00e9rience \u00e9norme sur le plan sonore et \u00e9poustouflante sur le plan visuel. Il comprend les sept morceaux de l'album, accompagn\u00e9s de sept films sp\u00e9cialement command\u00e9s. Jules Maxwell interpr\u00e9tera son album ambient CYCLES en guise d'ouverture.\r\n\r\nJules Maxwell est un compositeur irlandais dont les \u0153uvres ont \u00e9t\u00e9 jou\u00e9es au National Theatre et au Shakespeare's Globe \u00e0 Londres. Son premier op\u00e9ra complet, The Lost Thing, a \u00e9t\u00e9 pr\u00e9sent\u00e9 au Royal Opera House de Londres en 2019. Il a collabor\u00e9 avec de nombreux chanteurs, notamment Foy Vance, Melanie Pappenheim et, plus r\u00e9cemment, la chanteuse de fado portugaise Lina_.\r\n\r\n[embed]https:\/\/youtu.be\/qLMJWM_ONAo?si=mTDmd98MYHMC2j6A[\/embed]","artiste_0_deezer":"","artiste_0_facebook":"","artiste_0_horaire":"20:00:00","artiste_0_instagram":"","artiste_0_nom":"LISA GERRARD","artiste_0_photo":"","artiste_0_site_web":"","artiste_0_spotify":"","artiste_0_tiktok":"","artiste_0_youtube":"","artiste_1_contenu":"","artiste_1_deezer":"","artiste_1_facebook":"","artiste_1_horaire":"","artiste_1_instagram":"","artiste_1_nom":"","artiste_1_photo":"","artiste_1_site_web":"","artiste_1_spotify":"","artiste_1_tiktok":"","artiste_1_youtube":"","artiste_2_contenu":"","artiste_2_deezer":"","artiste_2_facebook":"","artiste_2_horaire":"","artiste_2_instagram":"","artiste_2_nom":"","artiste_2_photo":"","artiste_2_site_web":"","artiste_2_spotify":"","artiste_2_tiktok":"","artiste_2_youtube":"","artiste_3_contenu":"","artiste_3_deezer":"","artiste_3_facebook":"","artiste_3_horaire":"","artiste_3_instagram":"","artiste_3_nom":"","artiste_3_photo":"","artiste_3_site_web":"","artiste_3_spotify":"","artiste_3_tiktok":"","artiste_3_youtube":"","artiste_4_contenu":"","artiste_4_deezer":"","artiste_4_facebook":"","artiste_4_horaire":"","artiste_4_instagram":"","artiste_4_nom":"","artiste_4_photo":"","artiste_4_site_web":"","artiste_4_spotify":"","artiste_4_tiktok":"","artiste_4_youtube":"","artiste_5_contenu":"","artiste_5_deezer":"","artiste_5_facebook":"","artiste_5_horaire":"","artiste_5_instagram":"","artiste_5_nom":"","artiste_5_photo":"","artiste_5_site_web":"","artiste_5_spotify":"","artiste_5_tiktok":"","artiste_5_youtube":"","artiste_6_contenu":"","artiste_6_deezer":"","artiste_6_facebook":"","artiste_6_horaire":"","artiste_6_instagram":"","artiste_6_nom":"","artiste_6_photo":"","artiste_6_site_web":"","artiste_6_spotify":"","artiste_6_tiktok":"","artiste_6_youtube":"","artiste_7_contenu":"","artiste_7_deezer":"","artiste_7_facebook":"","artiste_7_horaire":"","artiste_7_instagram":"","artiste_7_nom":"","artiste_7_photo":"","artiste_7_site_web":"","artiste_7_spotify":"","artiste_7_tiktok":"","artiste_7_youtube":"","artiste_8_contenu":"","artiste_8_deezer":"","artiste_8_facebook":"","artiste_8_horaire":"","artiste_8_instagram":"","artiste_8_nom":"","artiste_8_photo":"","artiste_8_site_web":"","artiste_8_spotify":"","artiste_8_tiktok":"","artiste_8_youtube":"","artiste_9_contenu":"","artiste_9_deezer":"","artiste_9_facebook":"","artiste_9_horaire":"","artiste_9_instagram":"","artiste_9_nom":"","artiste_9_photo":"","artiste_9_site_web":"","artiste_9_spotify":"","artiste_9_tiktok":"","artiste_9_youtube":"","cmplz_hide_cookiebanner":"","contenu":"","contenu_concert":"Tickets disponibles le 19 septembre \u00e0 11h","date":"20250209","date_month":"fevrier","etat_des_tickets":"tickets","facebook":"","from_header":"","heure_ouvertures_de_portes":"19:00:00","heure_de_fin":"","image_a_la_une":"2059","image_apercu":"2058","instagram":"","linkedin":"","original_message":"","original_subject":"","pinterest":"","prix":"","session_transcript":"","solution":"","sps_website":"","success":"","systeme_dropdown":"","systeme_dropdown_0_texte":"","systeme_dropdown_0_titre":"","systeme_dropdown_1_texte":"","systeme_dropdown_1_titre":"","systeme_dropdown_2_texte":"","systeme_dropdown_2_titre":"","systeme_dropdown_3_texte":"","systeme_dropdown_3_titre":"","systeme_dropdown_4_texte":"","systeme_dropdown_4_titre":"","systeme_dropdown_5_texte":"","systeme_dropdown_5_titre":"","systeme_dropdown_6_texte":"","systeme_dropdown_6_titre":"","to_header":"","transport_uri":"","twitter":"","url_du_ticket":"https:\/\/shop.utick.net\/?module=ACTIVITYSERIEDETAILS&pos=LEFORUM&s=03A52DAB-7F94-9923-C960-1FD123CAB5F0&token=MTcyNjc0MDIzNg==","ticket_2":"","youtube":"","lien_ticket_wait":"","_lien_ticket_wait":"field_64f6dcb76d836"},"categories":[34],"tags":[],"class_list":["post-2060","concert","type-concert","status-publish","hentry","category-forum"],"acf":{"image_apercu":"2058","image_a_la_une":"2059","date":"20250209","date_month":"fevrier","url_du_ticket":"https:\/\/shop.utick.net\/?module=ACTIVITYSERIEDETAILS&pos=LEFORUM&s=03A52DAB-7F94-9923-C960-1FD123CAB5F0&token=MTcyNjc0MDIzNg==","ticket_2":"","etat_des_tickets":"tickets","prix":"","heure_ouvertures_de_portes":"19:00:00","heure_de_fin":"","contenu_concert":"Tickets disponibles le 19 septembre \u00e0 11h","artiste":[{"nom":"LISA GERRARD","horaire":"20:00:00","contenu":"L'album BURN a \u00e9t\u00e9 cr\u00e9\u00e9 pendant 5 ans avec le producteur anglais James Chapman (MAPS) et sorti en 2021.\r\n\r\nCette s\u00e9rie de concerts offre une rare occasion d'entendre l'album BURN en direct.\r\nAuparavant, Gerrard et Maxwell n'ont jou\u00e9 le spectacle qu'\u00e0 8 reprises ; une tourn\u00e9e de sept dates au Portugal en 2022 et une repr\u00e9sentation \u00e0 guichets ferm\u00e9s \u00e0 \u0141\u00f3d\u017a, en Pologne, en juillet 2023.\r\n\r\nUn album live intitul\u00e9 \u00ab ONE NIGHT IN PORTO \u00bb, enregistr\u00e9 lors d'une des repr\u00e9sentations portugaises, est sorti sur Atlantic Curve en juin 2023.\r\n\r\nLe spectacle BURN est une exp\u00e9rience \u00e9norme sur le plan sonore et \u00e9poustouflante sur le plan visuel. Il comprend les sept morceaux de l'album, accompagn\u00e9s de sept films sp\u00e9cialement command\u00e9s. Jules Maxwell interpr\u00e9tera son album ambient CYCLES en guise d'ouverture.\r\n\r\nJules Maxwell est un compositeur irlandais dont les \u0153uvres ont \u00e9t\u00e9 jou\u00e9es au National Theatre et au Shakespeare's Globe \u00e0 Londres. Son premier op\u00e9ra complet, The Lost Thing, a \u00e9t\u00e9 pr\u00e9sent\u00e9 au Royal Opera House de Londres en 2019. Il a collabor\u00e9 avec de nombreux chanteurs, notamment Foy Vance, Melanie Pappenheim et, plus r\u00e9cemment, la chanteuse de fado portugaise Lina_.\r\n\r\n[embed]https:\/\/youtu.be\/qLMJWM_ONAo?si=mTDmd98MYHMC2j6A[\/embed]","photo":"","instagram":"","facebook":"","tiktok":"","youtube":"","spotify":"","deezer":"","site_web":""}],"lien_ticket_wait":""},"yoast_head":"<!-- This site is optimized with the Yoast SEO plugin v27.4 - https:\/\/yoast.com\/product\/yoast-seo-wordpress\/ -->\n<title><\/title>\n<meta name=\"robots\" content=\"index, follow, max-snippet:-1, max-image-preview:large, max-video-preview:-1\" \/>\n<link rel=\"canonical\" href=\"https:\/\/reflektor.be\/concert\/lisa-gerrard\/\" \/>\n<meta property=\"og:locale\" content=\"nl_NL\" \/>\n<meta property=\"og:type\" content=\"article\" \/>\n<meta property=\"og:title\" content=\"[:fr]LISA GERRARD &amp; JULES MAXWELL : BURN [:] - Reflektor Club - Li\u00e8ge\" \/>\n<meta property=\"og:url\" content=\"https:\/\/reflektor.be\/concert\/lisa-gerrard\/\" \/>\n<meta property=\"og:site_name\" content=\"Reflektor Club - Li\u00e8ge\" \/>\n<meta property=\"article:publisher\" content=\"https:\/\/www.facebook.com\/reflektorclub\" \/>\n<meta property=\"article:modified_time\" content=\"2025-01-29T12:35:54+00:00\" \/>\n<meta name=\"twitter:card\" content=\"summary_large_image\" \/>\n<meta name=\"twitter:site\" content=\"@lesardentes\" \/>\n<!-- \/ Yoast SEO plugin. -->","yoast_head_json":{"title":"[:fr]LISA GERRARD & JULES MAXWELL : BURN [:] - Reflektor Club - Li\u00e8ge","robots":{"index":"index","follow":"follow","max-snippet":"max-snippet:-1","max-image-preview":"max-image-preview:large","max-video-preview":"max-video-preview:-1"},"canonical":"https:\/\/reflektor.be\/concert\/lisa-gerrard\/","og_locale":"nl_NL","og_type":"article","og_title":"[:fr]LISA GERRARD & JULES MAXWELL : BURN [:] - Reflektor Club - Li\u00e8ge","og_url":"https:\/\/reflektor.be\/concert\/lisa-gerrard\/","og_site_name":"Reflektor Club - Li\u00e8ge","article_publisher":"https:\/\/www.facebook.com\/reflektorclub","article_modified_time":"2025-01-29T12:35:54+00:00","twitter_card":"summary_large_image","twitter_site":"@lesardentes","schema":{"@context":"https:\/\/schema.org","@graph":[{"@type":"WebPage","@id":"https:\/\/reflektor.be\/concert\/lisa-gerrard\/","url":"https:\/\/reflektor.be\/concert\/lisa-gerrard\/","name":"[:fr]LISA GERRARD & JULES MAXWELL : BURN [:] - Reflektor Club - Li\u00e8ge","isPartOf":{"@id":"https:\/\/reflektor.be\/#website"},"datePublished":"2024-09-16T08:55:40+00:00","dateModified":"2025-01-29T12:35:54+00:00","breadcrumb":{"@id":"https:\/\/reflektor.be\/concert\/lisa-gerrard\/#breadcrumb"},"inLanguage":"nl-NL","potentialAction":[{"@type":"ReadAction","target":["https:\/\/reflektor.be\/concert\/lisa-gerrard\/"]}]},{"@type":"BreadcrumbList","@id":"https:\/\/reflektor.be\/concert\/lisa-gerrard\/#breadcrumb","itemListElement":[{"@type":"ListItem","position":1,"name":"Accueil","item":"https:\/\/reflektor.be\/"},{"@type":"ListItem","position":2,"name":"Concerts","item":"https:\/\/reflektor.be\/agenda\/"},{"@type":"ListItem","position":3,"name":"LISA GERRARD &#038; JULES MAXWELL : BURN"}]},{"@type":"WebSite","@id":"https:\/\/reflektor.be\/#website","url":"https:\/\/reflektor.be\/","name":"Reflektor Club - Li\u00e8ge","description":"Concerts - Live events","publisher":{"@id":"https:\/\/reflektor.be\/#organization"},"potentialAction":[{"@type":"SearchAction","target":{"@type":"EntryPoint","urlTemplate":"https:\/\/reflektor.be\/?s={search_term_string}"},"query-input":{"@type":"PropertyValueSpecification","valueRequired":true,"valueName":"search_term_string"}}],"inLanguage":"nl-NL"},{"@type":"Organization","@id":"https:\/\/reflektor.be\/#organization","name":"Reflektor Club - Li\u00e8ge","url":"https:\/\/reflektor.be\/","logo":{"@type":"ImageObject","inLanguage":"nl-NL","@id":"https:\/\/reflektor.be\/#\/schema\/logo\/image\/","url":"https:\/\/reflektor.be\/wp-content\/uploads\/2023\/04\/b7f17970-e865-4e42-91db-a71250c124d1.png","contentUrl":"https:\/\/reflektor.be\/wp-content\/uploads\/2023\/04\/b7f17970-e865-4e42-91db-a71250c124d1.png","width":1421,"height":746,"caption":"Reflektor Club - Li\u00e8ge"},"image":{"@id":"https:\/\/reflektor.be\/#\/schema\/logo\/image\/"},"sameAs":["https:\/\/www.facebook.com\/reflektorclub","https:\/\/x.com\/lesardentes","http:\/\/instagram.com\/reflektorclub"]}]}},"_links":{"self":[{"href":"https:\/\/reflektor.be\/nl\/wp-json\/wp\/v2\/concert\/2060","targetHints":{"allow":["GET"]}}],"collection":[{"href":"https:\/\/reflektor.be\/nl\/wp-json\/wp\/v2\/concert"}],"about":[{"href":"https:\/\/reflektor.be\/nl\/wp-json\/wp\/v2\/types\/concert"}],"wp:attachment":[{"href":"https:\/\/reflektor.be\/nl\/wp-json\/wp\/v2\/media?parent=2060"}],"wp:term":[{"taxonomy":"category","embeddable":true,"href":"https:\/\/reflektor.be\/nl\/wp-json\/wp\/v2\/categories?post=2060"},{"taxonomy":"post_tag","embeddable":true,"href":"https:\/\/reflektor.be\/nl\/wp-json\/wp\/v2\/tags?post=2060"}],"curies":[{"name":"wp","href":"https:\/\/api.w.org\/{rel}","templated":true}]}}