{"id":2478,"date":"2025-04-02T16:00:34","date_gmt":"2025-04-02T14:00:34","guid":{"rendered":"https:\/\/reflektor.be\/?post_type=concert&#038;p=2478"},"modified":"2025-10-20T13:54:27","modified_gmt":"2025-10-20T11:54:27","slug":"herman-dune","status":"publish","type":"concert","link":"https:\/\/reflektor.be\/en\/concert\/herman-dune\/","title":{"rendered":"HERMAN DUNE + Bianca Steck"},"excerpt":{"rendered":"","protected":false},"template":"","meta":{"_acf_changed":false,"_yoast_wpseo_focuskw":"","_yoast_wpseo_title":"","_yoast_wpseo_metadesc":"","_yoast_wpseo_linkdex":"","_yoast_wpseo_content_score":"90","_artiste":"field_63ef72a636df6","_artiste_0_contenu":"field_63ef826036f99","_artiste_0_deezer":"field_63ef82c436fa0","_artiste_0_facebook":"field_63ef829c36f9c","_artiste_0_horaire":"field_63ef72f336df8","_artiste_0_instagram":"field_63ef829136f9b","_artiste_0_nom":"field_63ef72d736df7","_artiste_0_photo":"field_63ef827236f9a","_artiste_0_site_web":"field_63ef82ce36fa1","_artiste_0_spotify":"field_63ef82b636f9f","_artiste_0_tiktok":"field_63ef82a436f9d","_artiste_0_youtube":"field_63ef82ae36f9e","_artiste_1_contenu":"field_63ef826036f99","_artiste_1_deezer":"field_63ef82c436fa0","_artiste_1_facebook":"field_63ef829c36f9c","_artiste_1_horaire":"field_63ef72f336df8","_artiste_1_instagram":"field_63ef829136f9b","_artiste_1_nom":"field_63ef72d736df7","_artiste_1_photo":"field_63ef827236f9a","_artiste_1_site_web":"field_63ef82ce36fa1","_artiste_1_spotify":"field_63ef82b636f9f","_artiste_1_tiktok":"field_63ef82a436f9d","_artiste_1_youtube":"field_63ef82ae36f9e","_artiste_2_contenu":"","_artiste_2_deezer":"","_artiste_2_facebook":"","_artiste_2_horaire":"","_artiste_2_instagram":"","_artiste_2_nom":"","_artiste_2_photo":"","_artiste_2_site_web":"","_artiste_2_spotify":"","_artiste_2_tiktok":"","_artiste_2_youtube":"","_artiste_3_contenu":"","_artiste_3_deezer":"","_artiste_3_facebook":"","_artiste_3_horaire":"","_artiste_3_instagram":"","_artiste_3_nom":"","_artiste_3_photo":"","_artiste_3_site_web":"","_artiste_3_spotify":"","_artiste_3_tiktok":"","_artiste_3_youtube":"","_artiste_4_contenu":"","_artiste_4_deezer":"","_artiste_4_facebook":"","_artiste_4_horaire":"","_artiste_4_instagram":"","_artiste_4_nom":"","_artiste_4_photo":"","_artiste_4_site_web":"","_artiste_4_spotify":"","_artiste_4_tiktok":"","_artiste_4_youtube":"","_artiste_5_contenu":"","_artiste_5_deezer":"","_artiste_5_facebook":"","_artiste_5_horaire":"","_artiste_5_instagram":"","_artiste_5_nom":"","_artiste_5_photo":"","_artiste_5_site_web":"","_artiste_5_spotify":"","_artiste_5_tiktok":"","_artiste_5_youtube":"","_artiste_6_contenu":"","_artiste_6_deezer":"","_artiste_6_facebook":"","_artiste_6_horaire":"","_artiste_6_instagram":"","_artiste_6_nom":"","_artiste_6_photo":"","_artiste_6_site_web":"","_artiste_6_spotify":"","_artiste_6_tiktok":"","_artiste_6_youtube":"","_artiste_7_contenu":"","_artiste_7_deezer":"","_artiste_7_facebook":"","_artiste_7_horaire":"","_artiste_7_instagram":"","_artiste_7_nom":"","_artiste_7_photo":"","_artiste_7_site_web":"","_artiste_7_spotify":"","_artiste_7_tiktok":"","_artiste_7_youtube":"","_artiste_8_contenu":"","_artiste_8_deezer":"","_artiste_8_facebook":"","_artiste_8_horaire":"","_artiste_8_instagram":"","_artiste_8_nom":"","_artiste_8_photo":"","_artiste_8_site_web":"","_artiste_8_spotify":"","_artiste_8_tiktok":"","_artiste_8_youtube":"","_artiste_9_contenu":"","_artiste_9_deezer":"","_artiste_9_facebook":"","_artiste_9_horaire":"","_artiste_9_instagram":"","_artiste_9_nom":"","_artiste_9_photo":"","_artiste_9_site_web":"","_artiste_9_spotify":"","_artiste_9_tiktok":"","_artiste_9_youtube":"","_cmplz_scanned_post":"","_contenu":"","_contenu_concert":"field_63e20df9bd8b3","_date":"field_63e20e15bd8b4","_date_month":"field_63ea05c5bf77f","_dp_original":"","_etat_des_tickets":"field_6405a67b4dc78","_facebook":"","_heure_ouvertures_de_portes":"field_63e20ea6bd8b7","_heure_de_fin":"field_64ddf13dc29b2","_image_a_la_une":"field_63e20af4bd8a3","_image_apercu":"field_6405a5cd37296","_instagram":"","_is_customize":"","_is_excludes":"","_is_locale":"","_linkedin":"","_menu_item_menu_item_parent":"","_menu_item_object":"","_menu_item_object_id":"","_menu_item_target":"","_menu_item_type":"","_menu_item_url":"","_menu_item_xfn":"","_oembed_3dbbf70e1e5b2e3fc299f5285bee8efa":"","_oembed_3f056087c0dfc96f7b119ffbe3095c23":"","_oembed_b7099bb4618d51f4abbf8088974ef28d":"","_oembed_f6e1f8d66d43d82ebaa66585814051d2":"","_oembed_fa9c668b077bb6225c0baabecb919718":"","_pinterest":"","_prix":"field_63e20e90bd8b6","_systeme_dropdown":"","_systeme_dropdown_0_texte":"","_systeme_dropdown_0_titre":"","_systeme_dropdown_1_texte":"","_systeme_dropdown_1_titre":"","_systeme_dropdown_2_texte":"","_systeme_dropdown_2_titre":"","_systeme_dropdown_3_texte":"","_systeme_dropdown_3_titre":"","_systeme_dropdown_4_texte":"","_systeme_dropdown_4_titre":"","_systeme_dropdown_5_texte":"","_systeme_dropdown_5_titre":"","_systeme_dropdown_6_texte":"","_systeme_dropdown_6_titre":"","_twitter":"","_url_du_ticket":"field_63e20e81bd8b5","_ticket_2":"field_64f5cef6c7d42","_wp_attachment_context":"","_wp_attachment_image_alt":"","_wp_desired_post_slug":"","_wp_old_date":"","_wp_page_template":"","_wp_trash_meta_status":"","_wp_trash_meta_time":"","_yoast_wpseo_estimated-reading-time-minutes":"0","_yoast_wpseo_primary_category":"6","_yoast_wpseo_wordproof_timestamp":"","_youtube":"","artiste":"2","artiste_0_contenu":"Herman Dune, notre monument anti-folk national, le plus californien des songwriters fran\u00e7ais, pr\u00e9sente \"Odysse\u00fas\", un voyage musical au fil de son existence tumultueuse, \u00e0 para\u00eetre le 13 juin 2025 via Santa Cruz Records. Rendez-vous cet automne pour une \u00e9pop\u00e9e live h\u00e9ro\u00efque en solo \u00e0 travers l\u2019Europe et le Royaume-Uni, et notamment le 25 octobre \u00e0 l'OM.\r\n\r\nFond\u00e9 \u00e0 la fin des ann\u00e9es 1990, Herman Dune est le projet du Franco-Su\u00e9dois David Ivar. Issu d\u2019influences Folk (Bob Dylan, Leonard Cohen), Country (Townes Van Zandt, John Prine) et Indie-Folk (Elliot Smith, Lucinda Williams, Silver Jews), David Ivar, n\u00e9 et \u00e9lev\u00e9 \u00e0 Paris, a d\u00fb s\u2019inventer sa propre sc\u00e8ne pour s\u2019exprimer, \u00e0 une \u00e9poque o\u00f9 chanter \u00e0 la guitare acoustique, en anglais, sur les sc\u00e8nes parisiennes, \u00e9tait consid\u00e9r\u00e9 absurde.\r\n\r\nDepuis 2015, Herman Dune est install\u00e9 \u00e0 San Pedro, le quartier ouvrier et portuaire de Los Angeles, Mecque du Punk Rock Californien (Minute Men, Black Flag) avec sa femme et collaboratrice Mayon, et ses trois chats noirs. De son bungalow californien, il dirige son propre label (Santa Cruz Records), et a sorti six albums (sur quinze au total), Sweet Thursday, Santa Cruz Gold, Notes From Vinegar Hill, et la trilogie The Portable Herman Dune Vol 1-3, et r\u00e9alis\u00e9 plusieurs musiques de films dont Mariage A Mendoza et P\u00e9taouchnock (Edouard Deluc).","artiste_0_deezer":"","artiste_0_facebook":"https:\/\/www.facebook.com\/hermanduneofficial\/?locale=fr_FR","artiste_0_horaire":"21:00:00","artiste_0_instagram":"https:\/\/www.instagram.com\/hermandune\/?hl=fr","artiste_0_nom":"Herman Dune","artiste_0_photo":"","artiste_0_site_web":"","artiste_0_spotify":"","artiste_0_tiktok":"","artiste_0_youtube":"","artiste_1_contenu":"Bianca Steck is a Barcelona born young musician, singer, songwriter and architect of British and German origin, currently based in Brussels. Her formal musical upbringing was mainly classical, completing the studies of piano and clarinet at the conservatory. At the age of fifteen she began writing her own tunes while exploring different harmonies and sounds which suited her inner attitude towards music with an intimate tone merging naturally into her voice. Lyrics are meaningful and play an important role in her work since they tell stories and broadly speaking relate her songs to a folk and pop music tradition. Her debut album' The Joy of Coincidences' , which was produced together with the Catalan pianist and composer Nil Ciur\u00f3, has just been released on March 2025 via Unday Records","artiste_1_deezer":"","artiste_1_facebook":"","artiste_1_horaire":"20:00:00","artiste_1_instagram":"","artiste_1_nom":"Bianca Steck","artiste_1_photo":"","artiste_1_site_web":"","artiste_1_spotify":"","artiste_1_tiktok":"","artiste_1_youtube":"","artiste_2_contenu":"","artiste_2_deezer":"","artiste_2_facebook":"","artiste_2_horaire":"","artiste_2_instagram":"","artiste_2_nom":"","artiste_2_photo":"","artiste_2_site_web":"","artiste_2_spotify":"","artiste_2_tiktok":"","artiste_2_youtube":"","artiste_3_contenu":"","artiste_3_deezer":"","artiste_3_facebook":"","artiste_3_horaire":"","artiste_3_instagram":"","artiste_3_nom":"","artiste_3_photo":"","artiste_3_site_web":"","artiste_3_spotify":"","artiste_3_tiktok":"","artiste_3_youtube":"","artiste_4_contenu":"","artiste_4_deezer":"","artiste_4_facebook":"","artiste_4_horaire":"","artiste_4_instagram":"","artiste_4_nom":"","artiste_4_photo":"","artiste_4_site_web":"","artiste_4_spotify":"","artiste_4_tiktok":"","artiste_4_youtube":"","artiste_5_contenu":"","artiste_5_deezer":"","artiste_5_facebook":"","artiste_5_horaire":"","artiste_5_instagram":"","artiste_5_nom":"","artiste_5_photo":"","artiste_5_site_web":"","artiste_5_spotify":"","artiste_5_tiktok":"","artiste_5_youtube":"","artiste_6_contenu":"","artiste_6_deezer":"","artiste_6_facebook":"","artiste_6_horaire":"","artiste_6_instagram":"","artiste_6_nom":"","artiste_6_photo":"","artiste_6_site_web":"","artiste_6_spotify":"","artiste_6_tiktok":"","artiste_6_youtube":"","artiste_7_contenu":"","artiste_7_deezer":"","artiste_7_facebook":"","artiste_7_horaire":"","artiste_7_instagram":"","artiste_7_nom":"","artiste_7_photo":"","artiste_7_site_web":"","artiste_7_spotify":"","artiste_7_tiktok":"","artiste_7_youtube":"","artiste_8_contenu":"","artiste_8_deezer":"","artiste_8_facebook":"","artiste_8_horaire":"","artiste_8_instagram":"","artiste_8_nom":"","artiste_8_photo":"","artiste_8_site_web":"","artiste_8_spotify":"","artiste_8_tiktok":"","artiste_8_youtube":"","artiste_9_contenu":"","artiste_9_deezer":"","artiste_9_facebook":"","artiste_9_horaire":"","artiste_9_instagram":"","artiste_9_nom":"","artiste_9_photo":"","artiste_9_site_web":"","artiste_9_spotify":"","artiste_9_tiktok":"","artiste_9_youtube":"","cmplz_hide_cookiebanner":"","contenu":"","contenu_concert":"TICKETS EN VENTE!","date":"20251025","date_month":"octobre","etat_des_tickets":"tickets","facebook":"","from_header":"","heure_ouvertures_de_portes":"19:30:00","heure_de_fin":"","image_a_la_une":"2477","image_apercu":"2476","instagram":"","linkedin":"","original_message":"","original_subject":"","pinterest":"","prix":"","session_transcript":"","solution":"","sps_website":"","success":"","systeme_dropdown":"","systeme_dropdown_0_texte":"","systeme_dropdown_0_titre":"","systeme_dropdown_1_texte":"","systeme_dropdown_1_titre":"","systeme_dropdown_2_texte":"","systeme_dropdown_2_titre":"","systeme_dropdown_3_texte":"","systeme_dropdown_3_titre":"","systeme_dropdown_4_texte":"","systeme_dropdown_4_titre":"","systeme_dropdown_5_texte":"","systeme_dropdown_5_titre":"","systeme_dropdown_6_texte":"","systeme_dropdown_6_titre":"","to_header":"","transport_uri":"","twitter":"","url_du_ticket":"https:\/\/shop.paylogic.com\/54b0b54cef41467a9370471b5de886d6","ticket_2":"","youtube":"","lien_ticket_wait":"","_lien_ticket_wait":"field_64f6dcb76d836"},"categories":[6],"tags":[],"class_list":["post-2478","concert","type-concert","status-publish","hentry","category-reflektor"],"acf":{"image_apercu":"2476","image_a_la_une":"2477","date":"20251025","date_month":"octobre","url_du_ticket":"https:\/\/shop.paylogic.com\/54b0b54cef41467a9370471b5de886d6","ticket_2":"","etat_des_tickets":"tickets","prix":"","heure_ouvertures_de_portes":"19:30:00","heure_de_fin":"","contenu_concert":"TICKETS EN VENTE!","artiste":[{"nom":"Herman Dune","horaire":"21:00:00","contenu":"Herman Dune, notre monument anti-folk national, le plus californien des songwriters fran\u00e7ais, pr\u00e9sente \"Odysse\u00fas\", un voyage musical au fil de son existence tumultueuse, \u00e0 para\u00eetre le 13 juin 2025 via Santa Cruz Records. Rendez-vous cet automne pour une \u00e9pop\u00e9e live h\u00e9ro\u00efque en solo \u00e0 travers l\u2019Europe et le Royaume-Uni, et notamment le 25 octobre \u00e0 l'OM.\r\n\r\nFond\u00e9 \u00e0 la fin des ann\u00e9es 1990, Herman Dune est le projet du Franco-Su\u00e9dois David Ivar. Issu d\u2019influences Folk (Bob Dylan, Leonard Cohen), Country (Townes Van Zandt, John Prine) et Indie-Folk (Elliot Smith, Lucinda Williams, Silver Jews), David Ivar, n\u00e9 et \u00e9lev\u00e9 \u00e0 Paris, a d\u00fb s\u2019inventer sa propre sc\u00e8ne pour s\u2019exprimer, \u00e0 une \u00e9poque o\u00f9 chanter \u00e0 la guitare acoustique, en anglais, sur les sc\u00e8nes parisiennes, \u00e9tait consid\u00e9r\u00e9 absurde.\r\n\r\nDepuis 2015, Herman Dune est install\u00e9 \u00e0 San Pedro, le quartier ouvrier et portuaire de Los Angeles, Mecque du Punk Rock Californien (Minute Men, Black Flag) avec sa femme et collaboratrice Mayon, et ses trois chats noirs. De son bungalow californien, il dirige son propre label (Santa Cruz Records), et a sorti six albums (sur quinze au total), Sweet Thursday, Santa Cruz Gold, Notes From Vinegar Hill, et la trilogie The Portable Herman Dune Vol 1-3, et r\u00e9alis\u00e9 plusieurs musiques de films dont Mariage A Mendoza et P\u00e9taouchnock (Edouard Deluc).","photo":"","instagram":"https:\/\/www.instagram.com\/hermandune\/?hl=fr","facebook":"https:\/\/www.facebook.com\/hermanduneofficial\/?locale=fr_FR","tiktok":"","youtube":"","spotify":"","deezer":"","site_web":""},{"nom":"Bianca Steck","horaire":"20:00:00","contenu":"Bianca Steck is a Barcelona born young musician, singer, songwriter and architect of British and German origin, currently based in Brussels. Her formal musical upbringing was mainly classical, completing the studies of piano and clarinet at the conservatory. At the age of fifteen she began writing her own tunes while exploring different harmonies and sounds which suited her inner attitude towards music with an intimate tone merging naturally into her voice. Lyrics are meaningful and play an important role in her work since they tell stories and broadly speaking relate her songs to a folk and pop music tradition. Her debut album' The Joy of Coincidences' , which was produced together with the Catalan pianist and composer Nil Ciur\u00f3, has just been released on March 2025 via Unday Records","photo":"","instagram":"","facebook":"","tiktok":"","youtube":"","spotify":"","deezer":"","site_web":""}],"lien_ticket_wait":""},"yoast_head":"<!-- This site is optimized with the Yoast SEO plugin v27.5 - https:\/\/yoast.com\/product\/yoast-seo-wordpress\/ -->\n<title><\/title>\n<meta name=\"robots\" content=\"index, follow, max-snippet:-1, max-image-preview:large, max-video-preview:-1\" \/>\n<link rel=\"canonical\" href=\"https:\/\/reflektor.be\/concert\/herman-dune\/\" \/>\n<meta property=\"og:locale\" content=\"en_US\" \/>\n<meta property=\"og:type\" content=\"article\" \/>\n<meta property=\"og:title\" content=\"[:fr]HERMAN DUNE + Bianca Steck[:] - Reflektor Club - Li\u00e8ge\" \/>\n<meta property=\"og:url\" content=\"https:\/\/reflektor.be\/concert\/herman-dune\/\" \/>\n<meta property=\"og:site_name\" content=\"Reflektor Club - Li\u00e8ge\" \/>\n<meta property=\"article:publisher\" content=\"https:\/\/www.facebook.com\/reflektorclub\" \/>\n<meta property=\"article:modified_time\" content=\"2025-10-20T11:54:27+00:00\" \/>\n<meta name=\"twitter:card\" content=\"summary_large_image\" \/>\n<meta name=\"twitter:site\" content=\"@lesardentes\" \/>\n<!-- \/ Yoast SEO plugin. -->","yoast_head_json":{"title":"[:fr]HERMAN DUNE + Bianca Steck[:] - Reflektor Club - Li\u00e8ge","robots":{"index":"index","follow":"follow","max-snippet":"max-snippet:-1","max-image-preview":"max-image-preview:large","max-video-preview":"max-video-preview:-1"},"canonical":"https:\/\/reflektor.be\/concert\/herman-dune\/","og_locale":"en_US","og_type":"article","og_title":"[:fr]HERMAN DUNE + Bianca Steck[:] - Reflektor Club - Li\u00e8ge","og_url":"https:\/\/reflektor.be\/concert\/herman-dune\/","og_site_name":"Reflektor Club - Li\u00e8ge","article_publisher":"https:\/\/www.facebook.com\/reflektorclub","article_modified_time":"2025-10-20T11:54:27+00:00","twitter_card":"summary_large_image","twitter_site":"@lesardentes","schema":{"@context":"https:\/\/schema.org","@graph":[{"@type":"WebPage","@id":"https:\/\/reflektor.be\/concert\/herman-dune\/","url":"https:\/\/reflektor.be\/concert\/herman-dune\/","name":"[:fr]HERMAN DUNE + Bianca Steck[:] - Reflektor Club - Li\u00e8ge","isPartOf":{"@id":"https:\/\/reflektor.be\/#website"},"datePublished":"2025-04-02T14:00:34+00:00","dateModified":"2025-10-20T11:54:27+00:00","breadcrumb":{"@id":"https:\/\/reflektor.be\/concert\/herman-dune\/#breadcrumb"},"inLanguage":"en-US","potentialAction":[{"@type":"ReadAction","target":["https:\/\/reflektor.be\/concert\/herman-dune\/"]}]},{"@type":"BreadcrumbList","@id":"https:\/\/reflektor.be\/concert\/herman-dune\/#breadcrumb","itemListElement":[{"@type":"ListItem","position":1,"name":"Accueil","item":"https:\/\/reflektor.be\/"},{"@type":"ListItem","position":2,"name":"Concerts","item":"https:\/\/reflektor.be\/agenda\/"},{"@type":"ListItem","position":3,"name":"HERMAN DUNE + Bianca Steck"}]},{"@type":"WebSite","@id":"https:\/\/reflektor.be\/#website","url":"https:\/\/reflektor.be\/","name":"Reflektor Club - Li\u00e8ge","description":"Concerts - Live events","publisher":{"@id":"https:\/\/reflektor.be\/#organization"},"potentialAction":[{"@type":"SearchAction","target":{"@type":"EntryPoint","urlTemplate":"https:\/\/reflektor.be\/?s={search_term_string}"},"query-input":{"@type":"PropertyValueSpecification","valueRequired":true,"valueName":"search_term_string"}}],"inLanguage":"en-US"},{"@type":"Organization","@id":"https:\/\/reflektor.be\/#organization","name":"Reflektor Club - Li\u00e8ge","url":"https:\/\/reflektor.be\/","logo":{"@type":"ImageObject","inLanguage":"en-US","@id":"https:\/\/reflektor.be\/#\/schema\/logo\/image\/","url":"https:\/\/reflektor.be\/wp-content\/uploads\/2023\/04\/b7f17970-e865-4e42-91db-a71250c124d1.png","contentUrl":"https:\/\/reflektor.be\/wp-content\/uploads\/2023\/04\/b7f17970-e865-4e42-91db-a71250c124d1.png","width":1421,"height":746,"caption":"Reflektor Club - Li\u00e8ge"},"image":{"@id":"https:\/\/reflektor.be\/#\/schema\/logo\/image\/"},"sameAs":["https:\/\/www.facebook.com\/reflektorclub","https:\/\/x.com\/lesardentes","http:\/\/instagram.com\/reflektorclub"]}]}},"_links":{"self":[{"href":"https:\/\/reflektor.be\/en\/wp-json\/wp\/v2\/concert\/2478","targetHints":{"allow":["GET"]}}],"collection":[{"href":"https:\/\/reflektor.be\/en\/wp-json\/wp\/v2\/concert"}],"about":[{"href":"https:\/\/reflektor.be\/en\/wp-json\/wp\/v2\/types\/concert"}],"wp:attachment":[{"href":"https:\/\/reflektor.be\/en\/wp-json\/wp\/v2\/media?parent=2478"}],"wp:term":[{"taxonomy":"category","embeddable":true,"href":"https:\/\/reflektor.be\/en\/wp-json\/wp\/v2\/categories?post=2478"},{"taxonomy":"post_tag","embeddable":true,"href":"https:\/\/reflektor.be\/en\/wp-json\/wp\/v2\/tags?post=2478"}],"curies":[{"name":"wp","href":"https:\/\/api.w.org\/{rel}","templated":true}]}}